{"id":614,"date":"2025-07-04T22:02:35","date_gmt":"2025-07-04T22:02:35","guid":{"rendered":"https:\/\/semujer.gob.hn\/?page_id=614"},"modified":"2026-03-27T17:19:27","modified_gmt":"2026-03-27T17:19:27","slug":"noticias","status":"publish","type":"page","link":"https:\/\/semujer.gob.hn\/index.php\/noticias\/","title":{"rendered":"Noticias"},"content":{"rendered":"\t\t<div data-elementor-type=\"wp-page\" data-elementor-id=\"614\" class=\"elementor elementor-614\">\n\t\t\t\t<div class=\"elementor-element elementor-element-cd4264b e-flex e-con-boxed elementor-invisible e-con e-parent\" data-id=\"cd4264b\" data-element_type=\"container\" data-settings=\"{&quot;background_background&quot;:&quot;classic&quot;,&quot;animation&quot;:&quot;slideInUp&quot;}\">\n\t\t\t\t\t<div class=\"e-con-inner\">\n\t\t\t\t<div class=\"elementor-element elementor-element-2c2bb9a elementor-widget elementor-widget-heading\" data-id=\"2c2bb9a\" data-element_type=\"widget\" data-widget_type=\"heading.default\">\n\t\t\t\t<div class=\"elementor-widget-container\">\n\t\t\t\t\t<h2 class=\"elementor-heading-title elementor-size-default\"><br>Noticias<\/h2>\t\t\t\t<\/div>\n\t\t\t\t<\/div>\n\t\t\t\t\t<\/div>\n\t\t\t\t<\/div>\n\t\t<div class=\"elementor-element elementor-element-222506f e-flex e-con-boxed e-con e-parent\" data-id=\"222506f\" data-element_type=\"container\" data-settings=\"{&quot;background_background&quot;:&quot;classic&quot;}\">\n\t\t\t\t\t<div class=\"e-con-inner\">\n\t\t\t\t\t<\/div>\n\t\t\t\t<\/div>\n\t\t<div class=\"elementor-element elementor-element-2634c97 e-flex e-con-boxed e-con e-parent\" data-id=\"2634c97\" data-element_type=\"container\" data-settings=\"{&quot;background_background&quot;:&quot;classic&quot;}\">\n\t\t\t\t\t<div class=\"e-con-inner\">\n\t\t\t\t<div class=\"elementor-element elementor-element-50af04e elementor-widget elementor-widget-heading\" data-id=\"50af04e\" data-element_type=\"widget\" data-widget_type=\"heading.default\">\n\t\t\t\t<div class=\"elementor-widget-container\">\n\t\t\t\t\t<h3 class=\"elementor-heading-title elementor-size-default\">Lo m\u00e1s reciente<\/h3>\t\t\t\t<\/div>\n\t\t\t\t<\/div>\n\t\t\t\t\t<\/div>\n\t\t\t\t<\/div>\n\t\t<div class=\"elementor-element elementor-element-985968e e-flex e-con-boxed e-con e-parent\" data-id=\"985968e\" data-element_type=\"container\" data-settings=\"{&quot;background_background&quot;:&quot;classic&quot;}\">\n\t\t\t\t\t<div class=\"e-con-inner\">\n\t\t\t\t<div class=\"elementor-element elementor-element-0cd8bd1 elementor-widget elementor-widget-spacer\" data-id=\"0cd8bd1\" data-element_type=\"widget\" data-widget_type=\"spacer.default\">\n\t\t\t\t<div class=\"elementor-widget-container\">\n\t\t\t\t\t\t\t<div class=\"elementor-spacer\">\n\t\t\t<div class=\"elementor-spacer-inner\"><\/div>\n\t\t<\/div>\n\t\t\t\t\t\t<\/div>\n\t\t\t\t<\/div>\n\t\t\t\t<div class=\"elementor-element elementor-element-15eac69 tpg-wrapper-align-left meta-visibility-show title_position_default title_hover_border_default title-default img_hover_animation_default meta_position_default readmore-btn-default-style grid-hover-overlay-type-always tpg-el-box-border-enable tpg-border-bottom-disable elementor-widget elementor-widget-tpg-list-layout\" data-id=\"15eac69\" data-element_type=\"widget\" data-widget_type=\"tpg-list-layout.default\">\n\t\t\t\t<div class=\"elementor-widget-container\">\n\t\t\t\t\t\n        <div class=\"rt-container-fluid rt-tpg-container tpg-el-main-wrapper list-layout1-main \"\n             data-sc-id=\"elementor\"\n             id=\"rt-tpg-container-2046930316\"\n             data-layout=\"list-layout1\"\n             data-grid-style=\"tpg-even\"\n             data-el-settings=''\n             data-el-query=''\n             data-el-path=''\n        >\n\t\t\t            <div class='tpg-header-wrapper '>\n\t\t\t\t            <\/div>\n\n            <div data-title=\"Loading ...\" class=\"rt-row rt-content-loader list-layout1 tpg-even list-behaviour list-layout-wrapper\">\n\t\t\t\t\n<div class=\"rt-col-md-12 rt-col-sm-12 rt-col-xs-12 default rt-list-item rt-grid-item\" data-id=\"2354\">\n\t<div class=\"rt-holder tpg-post-holder\">\n\t\t<div class=\"rt-detail rt-el-content-wrapper\">\n\t\t\t\t\t\t\t<div class=\"rt-img-holder tpg-el-image-wrap has-thumbnail\">\n\t\t\t\t\t<a data-id=\"2354\" href=\"https:\/\/semujer.gob.hn\/index.php\/2026\/04\/29\/elementor-2354\/\" class=\"tpg-post-link\" target=\"_self\">                        <img fetchpriority=\"high\" decoding=\"async\" src=\"https:\/\/semujer.gob.hn\/wp-content\/uploads\/2026\/04\/WhatsApp-Image-2026-04-28-at-10.14.45-PM-1024x576.jpeg\"\n                             class=\"rt-img-responsive\"\n                             width=\"1024\"\n                             height=\"576\"\n                             alt=\"Acercamiento para promover la participaci\u00f3n y atenci\u00f3n integral a mujeres con discapacidad\">\n\t\t\t\t\t\t\n\t\t\t\t\t\t\t\n\t\t<\/a>\n\t\t        <div class=\"overlay grid-hover-content\"><\/div>\n\t\t\t\t\t\t<\/div>\n\t\t\t\n\t\t\t<div class=\"post-right-content\">\n\t\t\t\t<div class=\"entry-title-wrapper\"><h3 class=\"entry-title\"><a data-id=\"2354\" href=\"https:\/\/semujer.gob.hn\/index.php\/2026\/04\/29\/elementor-2354\/\" class=\"tpg-post-link\" target=\"_self\">Acercamiento para promover la participaci\u00f3n y atenci\u00f3n integral a mujeres con discapacidad<\/a><\/h3><\/div>\n\t\t\t\t\t\t\t\t\t<div class=\"post-meta-tags rt-el-post-meta\">\n\t\t\t\t\t\t            <span class='date'>\n\t\t\t\t<i class='far fa-calendar-alt '><\/i>\t\t\t\t                    <a href=\"https:\/\/semujer.gob.hn\/index.php\/2026\/04\/29\/\">\n\t\t\t\t\tabril 29, 2026\t\t\t\t<\/a>\n\t\t\t\t\t\t\t<\/span>\n\t\t\t\t\t\t\t\t<\/div>\n\t\t\t\t\n\t\t\t\t\t\t\t\t\t<div class=\"tpg-excerpt tpg-el-excerpt\">\n\t\t\t\t\t\t\t\t\t\t\t\t\t<div class=\"tpg-excerpt-inner\">\n\t\t\t\t\t\t\t\tLa Secretar\u00eda de Asuntos de la Mujer de Honduras reafirma su compromiso con la inclusi\u00f3n y la...\t\t\t\t\t\t\t<\/div>\n\t\t\t\t\t\t\t\t\t\t\t\t\t\t\t\t\t<\/div>\n\t\t\t\t\n\t\t\t\t        <div class=\"post-footer\">\n            <div class=\"post-footer\">\n                <div class=\"read-more\">\n\t\t\t\t\t<a data-id=\"2354\" href=\"https:\/\/semujer.gob.hn\/index.php\/2026\/04\/29\/elementor-2354\/\" class=\"tpg-post-link\" target=\"_self\">Leer m\u00e1s<\/a>                <\/div>\n            <\/div>\n        <\/div>\n\t\t\t\t\t<\/div>\n\t\t<\/div>\n\t<\/div>\n<\/div>\n\n<div class=\"rt-col-md-12 rt-col-sm-12 rt-col-xs-12 default rt-list-item rt-grid-item\" data-id=\"2330\">\n\t<div class=\"rt-holder tpg-post-holder\">\n\t\t<div class=\"rt-detail rt-el-content-wrapper\">\n\t\t\t\t\t\t\t<div class=\"rt-img-holder tpg-el-image-wrap has-thumbnail\">\n\t\t\t\t\t<a data-id=\"2330\" href=\"https:\/\/semujer.gob.hn\/index.php\/2026\/04\/27\/elementor-2330\/\" class=\"tpg-post-link\" target=\"_self\">                        <img decoding=\"async\" src=\"https:\/\/semujer.gob.hn\/wp-content\/uploads\/2026\/04\/WhatsApp-Image-2026-04-27-at-4.03.51-PM-1024x576.jpeg\"\n                             class=\"rt-img-responsive\"\n                             width=\"1024\"\n                             height=\"576\"\n                             alt=\"Mujeres tendr\u00e1n mayor impulso con acciones coordinadas para su empoderamiento y desarrollo sostenible\">\n\t\t\t\t\t\t\n\t\t\t\t\t\t\t\n\t\t<\/a>\n\t\t        <div class=\"overlay grid-hover-content\"><\/div>\n\t\t\t\t\t\t<\/div>\n\t\t\t\n\t\t\t<div class=\"post-right-content\">\n\t\t\t\t<div class=\"entry-title-wrapper\"><h3 class=\"entry-title\"><a data-id=\"2330\" href=\"https:\/\/semujer.gob.hn\/index.php\/2026\/04\/27\/elementor-2330\/\" class=\"tpg-post-link\" target=\"_self\">Mujeres tendr\u00e1n mayor impulso con acciones coordinadas para su empoderamiento y desarrollo sostenible<\/a><\/h3><\/div>\n\t\t\t\t\t\t\t\t\t<div class=\"post-meta-tags rt-el-post-meta\">\n\t\t\t\t\t\t            <span class='date'>\n\t\t\t\t<i class='far fa-calendar-alt '><\/i>\t\t\t\t                    <a href=\"https:\/\/semujer.gob.hn\/index.php\/2026\/04\/27\/\">\n\t\t\t\t\tabril 27, 2026\t\t\t\t<\/a>\n\t\t\t\t\t\t\t<\/span>\n\t\t\t\t\t\t\t\t<\/div>\n\t\t\t\t\n\t\t\t\t\t\t\t\t\t<div class=\"tpg-excerpt tpg-el-excerpt\">\n\t\t\t\t\t\t\t\t\t\t\t\t\t<div class=\"tpg-excerpt-inner\">\n\t\t\t\t\t\t\t\tSan Juan, Intibuc\u00e1. Alcaldias, mancomunidades, red de mujeres y organizaciones civiles, de San Juan...\t\t\t\t\t\t\t<\/div>\n\t\t\t\t\t\t\t\t\t\t\t\t\t\t\t\t\t<\/div>\n\t\t\t\t\n\t\t\t\t        <div class=\"post-footer\">\n            <div class=\"post-footer\">\n                <div class=\"read-more\">\n\t\t\t\t\t<a data-id=\"2330\" href=\"https:\/\/semujer.gob.hn\/index.php\/2026\/04\/27\/elementor-2330\/\" class=\"tpg-post-link\" target=\"_self\">Leer m\u00e1s<\/a>                <\/div>\n            <\/div>\n        <\/div>\n\t\t\t\t\t<\/div>\n\t\t<\/div>\n\t<\/div>\n<\/div>\n\n<div class=\"rt-col-md-12 rt-col-sm-12 rt-col-xs-12 default rt-list-item rt-grid-item\" data-id=\"2309\">\n\t<div class=\"rt-holder tpg-post-holder\">\n\t\t<div class=\"rt-detail rt-el-content-wrapper\">\n\t\t\t\t\t\t\t<div class=\"rt-img-holder tpg-el-image-wrap has-thumbnail\">\n\t\t\t\t\t<a data-id=\"2309\" href=\"https:\/\/semujer.gob.hn\/index.php\/2026\/04\/24\/elementor-2309\/\" class=\"tpg-post-link\" target=\"_self\">                        <img decoding=\"async\" src=\"https:\/\/semujer.gob.hn\/wp-content\/uploads\/2026\/04\/WhatsApp-Image-2026-04-24-at-4.09.26-PM-1024x576.jpeg\"\n                             class=\"rt-img-responsive\"\n                             width=\"1024\"\n                             height=\"576\"\n                             alt=\"SEMUJER y Manos Extendidas impulsan cooperaci\u00f3n en formaci\u00f3n y empoderamiento de mujeres adolescentes\">\n\t\t\t\t\t\t\n\t\t\t\t\t\t\t\n\t\t<\/a>\n\t\t        <div class=\"overlay grid-hover-content\"><\/div>\n\t\t\t\t\t\t<\/div>\n\t\t\t\n\t\t\t<div class=\"post-right-content\">\n\t\t\t\t<div class=\"entry-title-wrapper\"><h3 class=\"entry-title\"><a data-id=\"2309\" href=\"https:\/\/semujer.gob.hn\/index.php\/2026\/04\/24\/elementor-2309\/\" class=\"tpg-post-link\" target=\"_self\">SEMUJER y Manos Extendidas impulsan cooperaci\u00f3n en formaci\u00f3n y empoderamiento de mujeres adolescentes<\/a><\/h3><\/div>\n\t\t\t\t\t\t\t\t\t<div class=\"post-meta-tags rt-el-post-meta\">\n\t\t\t\t\t\t            <span class='date'>\n\t\t\t\t<i class='far fa-calendar-alt '><\/i>\t\t\t\t                    <a href=\"https:\/\/semujer.gob.hn\/index.php\/2026\/04\/24\/\">\n\t\t\t\t\tabril 24, 2026\t\t\t\t<\/a>\n\t\t\t\t\t\t\t<\/span>\n\t\t\t\t\t\t\t\t<\/div>\n\t\t\t\t\n\t\t\t\t\t\t\t\t\t<div class=\"tpg-excerpt tpg-el-excerpt\">\n\t\t\t\t\t\t\t\t\t\t\t\t\t<div class=\"tpg-excerpt-inner\">\n\t\t\t\t\t\t\t\t\u00abSEMUJER Y MANOS EXTENDIDAS IMPULSAN COOPERACI\u00d3N ENFORMACI\u00d3N Y EMPODERAMIENTO DE MUJERES...\t\t\t\t\t\t\t<\/div>\n\t\t\t\t\t\t\t\t\t\t\t\t\t\t\t\t\t<\/div>\n\t\t\t\t\n\t\t\t\t        <div class=\"post-footer\">\n            <div class=\"post-footer\">\n                <div class=\"read-more\">\n\t\t\t\t\t<a data-id=\"2309\" href=\"https:\/\/semujer.gob.hn\/index.php\/2026\/04\/24\/elementor-2309\/\" class=\"tpg-post-link\" target=\"_self\">Leer m\u00e1s<\/a>                <\/div>\n            <\/div>\n        <\/div>\n\t\t\t\t\t<\/div>\n\t\t<\/div>\n\t<\/div>\n<\/div>\n\n<div class=\"rt-col-md-12 rt-col-sm-12 rt-col-xs-12 default rt-list-item rt-grid-item\" data-id=\"2290\">\n\t<div class=\"rt-holder tpg-post-holder\">\n\t\t<div class=\"rt-detail rt-el-content-wrapper\">\n\t\t\t\t\t\t\t<div class=\"rt-img-holder tpg-el-image-wrap has-thumbnail\">\n\t\t\t\t\t<a data-id=\"2290\" href=\"https:\/\/semujer.gob.hn\/index.php\/2026\/04\/24\/elementor-2290\/\" class=\"tpg-post-link\" target=\"_self\">                        <img loading=\"lazy\" decoding=\"async\" src=\"https:\/\/semujer.gob.hn\/wp-content\/uploads\/2026\/04\/TEXTO-PLANTILLA-2-1024x576.png\"\n                             class=\"rt-img-responsive\"\n                             width=\"1024\"\n                             height=\"576\"\n                             alt=\"Compromiso para proteger a las mujeres: Acercamiento entre la Secretar\u00eda de la Mujer y el Sistema Nacional de Emergencias 9-1-1\">\n\t\t\t\t\t\t\n\t\t\t\t\t\t\t\n\t\t<\/a>\n\t\t        <div class=\"overlay grid-hover-content\"><\/div>\n\t\t\t\t\t\t<\/div>\n\t\t\t\n\t\t\t<div class=\"post-right-content\">\n\t\t\t\t<div class=\"entry-title-wrapper\"><h3 class=\"entry-title\"><a data-id=\"2290\" href=\"https:\/\/semujer.gob.hn\/index.php\/2026\/04\/24\/elementor-2290\/\" class=\"tpg-post-link\" target=\"_self\">Compromiso para proteger a las mujeres: Acercamiento entre la Secretar\u00eda de la Mujer y el Sistema Nacional de Emergencias 9-1-1<\/a><\/h3><\/div>\n\t\t\t\t\t\t\t\t\t<div class=\"post-meta-tags rt-el-post-meta\">\n\t\t\t\t\t\t            <span class='date'>\n\t\t\t\t<i class='far fa-calendar-alt '><\/i>\t\t\t\t                    <a href=\"https:\/\/semujer.gob.hn\/index.php\/2026\/04\/24\/\">\n\t\t\t\t\tabril 24, 2026\t\t\t\t<\/a>\n\t\t\t\t\t\t\t<\/span>\n\t\t\t\t\t\t\t\t<\/div>\n\t\t\t\t\n\t\t\t\t\t\t\t\t\t<div class=\"tpg-excerpt tpg-el-excerpt\">\n\t\t\t\t\t\t\t\t\t\t\t\t\t<div class=\"tpg-excerpt-inner\">\n\t\t\t\t\t\t\t\tEn un paso decisivo hacia la protecci\u00f3n de los derechos de las hondure\u00f1as, la Secretar\u00eda de Asuntos...\t\t\t\t\t\t\t<\/div>\n\t\t\t\t\t\t\t\t\t\t\t\t\t\t\t\t\t<\/div>\n\t\t\t\t\n\t\t\t\t        <div class=\"post-footer\">\n            <div class=\"post-footer\">\n                <div class=\"read-more\">\n\t\t\t\t\t<a data-id=\"2290\" href=\"https:\/\/semujer.gob.hn\/index.php\/2026\/04\/24\/elementor-2290\/\" class=\"tpg-post-link\" target=\"_self\">Leer m\u00e1s<\/a>                <\/div>\n            <\/div>\n        <\/div>\n\t\t\t\t\t<\/div>\n\t\t<\/div>\n\t<\/div>\n<\/div>\n\n<div class=\"rt-col-md-12 rt-col-sm-12 rt-col-xs-12 default rt-list-item rt-grid-item\" data-id=\"2275\">\n\t<div class=\"rt-holder tpg-post-holder\">\n\t\t<div class=\"rt-detail rt-el-content-wrapper\">\n\t\t\t\t\t\t\t<div class=\"rt-img-holder tpg-el-image-wrap has-thumbnail\">\n\t\t\t\t\t<a data-id=\"2275\" href=\"https:\/\/semujer.gob.hn\/index.php\/2026\/04\/23\/elementor-2275\/\" class=\"tpg-post-link\" target=\"_self\">                        <img loading=\"lazy\" decoding=\"async\" src=\"https:\/\/semujer.gob.hn\/wp-content\/uploads\/2026\/04\/PLANTILLA-PARA-dasdasdasd--1024x576.png\"\n                             class=\"rt-img-responsive\"\n                             width=\"1024\"\n                             height=\"576\"\n                             alt=\"SEMUJER refuerza su liderazgo en pol\u00edticas p\u00fablicas para empoderar a las mujeres en Honduras\">\n\t\t\t\t\t\t\n\t\t\t\t\t\t\t\n\t\t<\/a>\n\t\t        <div class=\"overlay grid-hover-content\"><\/div>\n\t\t\t\t\t\t<\/div>\n\t\t\t\n\t\t\t<div class=\"post-right-content\">\n\t\t\t\t<div class=\"entry-title-wrapper\"><h3 class=\"entry-title\"><a data-id=\"2275\" href=\"https:\/\/semujer.gob.hn\/index.php\/2026\/04\/23\/elementor-2275\/\" class=\"tpg-post-link\" target=\"_self\">SEMUJER refuerza su liderazgo en pol\u00edticas p\u00fablicas para empoderar a las mujeres en Honduras<\/a><\/h3><\/div>\n\t\t\t\t\t\t\t\t\t<div class=\"post-meta-tags rt-el-post-meta\">\n\t\t\t\t\t\t            <span class='date'>\n\t\t\t\t<i class='far fa-calendar-alt '><\/i>\t\t\t\t                    <a href=\"https:\/\/semujer.gob.hn\/index.php\/2026\/04\/23\/\">\n\t\t\t\t\tabril 23, 2026\t\t\t\t<\/a>\n\t\t\t\t\t\t\t<\/span>\n\t\t\t\t\t\t\t\t<\/div>\n\t\t\t\t\n\t\t\t\t\t\t\t\t\t<div class=\"tpg-excerpt tpg-el-excerpt\">\n\t\t\t\t\t\t\t\t\t\t\t\t\t<div class=\"tpg-excerpt-inner\">\n\t\t\t\t\t\t\t\tLa Secretar\u00eda de Asuntos de la Mujer (SEMUJER) reafirma su papel rector en la implementaci\u00f3n y...\t\t\t\t\t\t\t<\/div>\n\t\t\t\t\t\t\t\t\t\t\t\t\t\t\t\t\t<\/div>\n\t\t\t\t\n\t\t\t\t        <div class=\"post-footer\">\n            <div class=\"post-footer\">\n                <div class=\"read-more\">\n\t\t\t\t\t<a data-id=\"2275\" href=\"https:\/\/semujer.gob.hn\/index.php\/2026\/04\/23\/elementor-2275\/\" class=\"tpg-post-link\" target=\"_self\">Leer m\u00e1s<\/a>                <\/div>\n            <\/div>\n        <\/div>\n\t\t\t\t\t<\/div>\n\t\t<\/div>\n\t<\/div>\n<\/div>\n\n<div class=\"rt-col-md-12 rt-col-sm-12 rt-col-xs-12 default rt-list-item rt-grid-item\" data-id=\"2248\">\n\t<div class=\"rt-holder tpg-post-holder\">\n\t\t<div class=\"rt-detail rt-el-content-wrapper\">\n\t\t\t\t\t\t\t<div class=\"rt-img-holder tpg-el-image-wrap has-thumbnail\">\n\t\t\t\t\t<a data-id=\"2248\" href=\"https:\/\/semujer.gob.hn\/index.php\/2026\/04\/23\/elementor-2248\/\" class=\"tpg-post-link\" target=\"_self\">                        <img loading=\"lazy\" decoding=\"async\" src=\"https:\/\/semujer.gob.hn\/wp-content\/uploads\/2026\/04\/WhatsApp-Image-2026-04-23-at-2.26.30-PM-1024x576.jpeg\"\n                             class=\"rt-img-responsive\"\n                             width=\"1024\"\n                             height=\"576\"\n                             alt=\"Honduras y Naciones Unidas: \u00a0Responder\u00e1n en favor de la igualdad de derechos y oportunidades plenas para las mujeres\">\n\t\t\t\t\t\t\n\t\t\t\t\t\t\t\n\t\t<\/a>\n\t\t        <div class=\"overlay grid-hover-content\"><\/div>\n\t\t\t\t\t\t<\/div>\n\t\t\t\n\t\t\t<div class=\"post-right-content\">\n\t\t\t\t<div class=\"entry-title-wrapper\"><h3 class=\"entry-title\"><a data-id=\"2248\" href=\"https:\/\/semujer.gob.hn\/index.php\/2026\/04\/23\/elementor-2248\/\" class=\"tpg-post-link\" target=\"_self\">Honduras y Naciones Unidas: \u00a0Responder\u00e1n en favor de la igualdad de derechos y oportunidades plenas para las mujeres<\/a><\/h3><\/div>\n\t\t\t\t\t\t\t\t\t<div class=\"post-meta-tags rt-el-post-meta\">\n\t\t\t\t\t\t            <span class='date'>\n\t\t\t\t<i class='far fa-calendar-alt '><\/i>\t\t\t\t                    <a href=\"https:\/\/semujer.gob.hn\/index.php\/2026\/04\/23\/\">\n\t\t\t\t\tabril 23, 2026\t\t\t\t<\/a>\n\t\t\t\t\t\t\t<\/span>\n\t\t\t\t\t\t\t\t<\/div>\n\t\t\t\t\n\t\t\t\t\t\t\t\t\t<div class=\"tpg-excerpt tpg-el-excerpt\">\n\t\t\t\t\t\t\t\t\t\t\t\t\t<div class=\"tpg-excerpt-inner\">\n\t\t\t\t\t\t\t\tResponder\u00e1n en favor de la igualdad de derechos y oportunidades plenas para las mujeres HONDURAS Y...\t\t\t\t\t\t\t<\/div>\n\t\t\t\t\t\t\t\t\t\t\t\t\t\t\t\t\t<\/div>\n\t\t\t\t\n\t\t\t\t        <div class=\"post-footer\">\n            <div class=\"post-footer\">\n                <div class=\"read-more\">\n\t\t\t\t\t<a data-id=\"2248\" href=\"https:\/\/semujer.gob.hn\/index.php\/2026\/04\/23\/elementor-2248\/\" class=\"tpg-post-link\" target=\"_self\">Leer m\u00e1s<\/a>                <\/div>\n            <\/div>\n        <\/div>\n\t\t\t\t\t<\/div>\n\t\t<\/div>\n\t<\/div>\n<\/div>\n\n<div class=\"rt-col-md-12 rt-col-sm-12 rt-col-xs-12 default rt-list-item rt-grid-item\" data-id=\"2216\">\n\t<div class=\"rt-holder tpg-post-holder\">\n\t\t<div class=\"rt-detail rt-el-content-wrapper\">\n\t\t\t\t\t\t\t<div class=\"rt-img-holder tpg-el-image-wrap has-thumbnail\">\n\t\t\t\t\t<a data-id=\"2216\" href=\"https:\/\/semujer.gob.hn\/index.php\/2026\/04\/22\/elementor-2216\/\" class=\"tpg-post-link\" target=\"_self\">                        <img loading=\"lazy\" decoding=\"async\" src=\"https:\/\/semujer.gob.hn\/wp-content\/uploads\/2026\/04\/WhatsApp-Image-2026-04-22-at-2.44.10-PM-1024x576.jpeg\"\n                             class=\"rt-img-responsive\"\n                             width=\"1024\"\n                             height=\"576\"\n                             alt=\"La Secretar\u00eda de Asuntos de la Mujer lidera acciones conjuntas en la prevenci\u00f3n de muertes violentas de mujeres\">\n\t\t\t\t\t\t\n\t\t\t\t\t\t\t\n\t\t<\/a>\n\t\t        <div class=\"overlay grid-hover-content\"><\/div>\n\t\t\t\t\t\t<\/div>\n\t\t\t\n\t\t\t<div class=\"post-right-content\">\n\t\t\t\t<div class=\"entry-title-wrapper\"><h3 class=\"entry-title\"><a data-id=\"2216\" href=\"https:\/\/semujer.gob.hn\/index.php\/2026\/04\/22\/elementor-2216\/\" class=\"tpg-post-link\" target=\"_self\">La Secretar\u00eda de Asuntos de la Mujer lidera acciones conjuntas en la prevenci\u00f3n de muertes violentas de mujeres<\/a><\/h3><\/div>\n\t\t\t\t\t\t\t\t\t<div class=\"post-meta-tags rt-el-post-meta\">\n\t\t\t\t\t\t            <span class='date'>\n\t\t\t\t<i class='far fa-calendar-alt '><\/i>\t\t\t\t                    <a href=\"https:\/\/semujer.gob.hn\/index.php\/2026\/04\/22\/\">\n\t\t\t\t\tabril 22, 2026\t\t\t\t<\/a>\n\t\t\t\t\t\t\t<\/span>\n\t\t\t\t\t\t\t\t<\/div>\n\t\t\t\t\n\t\t\t\t\t\t\t\t\t<div class=\"tpg-excerpt tpg-el-excerpt\">\n\t\t\t\t\t\t\t\t\t\t\t\t\t<div class=\"tpg-excerpt-inner\">\n\t\t\t\t\t\t\t\tEn un acto de compromiso, la primera reuni\u00f3n regional del a\u00f1o de la Comisi\u00f3n Interinstitucional de...\t\t\t\t\t\t\t<\/div>\n\t\t\t\t\t\t\t\t\t\t\t\t\t\t\t\t\t<\/div>\n\t\t\t\t\n\t\t\t\t        <div class=\"post-footer\">\n            <div class=\"post-footer\">\n                <div class=\"read-more\">\n\t\t\t\t\t<a data-id=\"2216\" href=\"https:\/\/semujer.gob.hn\/index.php\/2026\/04\/22\/elementor-2216\/\" class=\"tpg-post-link\" target=\"_self\">Leer m\u00e1s<\/a>                <\/div>\n            <\/div>\n        <\/div>\n\t\t\t\t\t<\/div>\n\t\t<\/div>\n\t<\/div>\n<\/div>\n\n<div class=\"rt-col-md-12 rt-col-sm-12 rt-col-xs-12 default rt-list-item rt-grid-item\" data-id=\"2200\">\n\t<div class=\"rt-holder tpg-post-holder\">\n\t\t<div class=\"rt-detail rt-el-content-wrapper\">\n\t\t\t\t\t\t\t<div class=\"rt-img-holder tpg-el-image-wrap has-thumbnail\">\n\t\t\t\t\t<a data-id=\"2200\" href=\"https:\/\/semujer.gob.hn\/index.php\/2026\/04\/22\/elementor-2200\/\" class=\"tpg-post-link\" target=\"_self\">                        <img loading=\"lazy\" decoding=\"async\" src=\"https:\/\/semujer.gob.hn\/wp-content\/uploads\/2026\/04\/WhatsApp-Image-2026-04-21-at-7.47.27-PM-1024x576.jpeg\"\n                             class=\"rt-img-responsive\"\n                             width=\"1024\"\n                             height=\"576\"\n                             alt=\"SEMUJER impulsa en el CN defensa del presupuesto para fortalecer derechos y combatir la violencia contra las mujeres\">\n\t\t\t\t\t\t\n\t\t\t\t\t\t\t\n\t\t<\/a>\n\t\t        <div class=\"overlay grid-hover-content\"><\/div>\n\t\t\t\t\t\t<\/div>\n\t\t\t\n\t\t\t<div class=\"post-right-content\">\n\t\t\t\t<div class=\"entry-title-wrapper\"><h3 class=\"entry-title\"><a data-id=\"2200\" href=\"https:\/\/semujer.gob.hn\/index.php\/2026\/04\/22\/elementor-2200\/\" class=\"tpg-post-link\" target=\"_self\">SEMUJER impulsa en el CN defensa del presupuesto para fortalecer derechos y combatir la violencia contra las mujeres<\/a><\/h3><\/div>\n\t\t\t\t\t\t\t\t\t<div class=\"post-meta-tags rt-el-post-meta\">\n\t\t\t\t\t\t            <span class='date'>\n\t\t\t\t<i class='far fa-calendar-alt '><\/i>\t\t\t\t                    <a href=\"https:\/\/semujer.gob.hn\/index.php\/2026\/04\/22\/\">\n\t\t\t\t\tabril 22, 2026\t\t\t\t<\/a>\n\t\t\t\t\t\t\t<\/span>\n\t\t\t\t\t\t\t\t<\/div>\n\t\t\t\t\n\t\t\t\t\t\t\t\t\t<div class=\"tpg-excerpt tpg-el-excerpt\">\n\t\t\t\t\t\t\t\t\t\t\t\t\t<div class=\"tpg-excerpt-inner\">\n\t\t\t\t\t\t\t\tLa Secretar\u00eda de Estado en los Despachos de Asuntos de la Mujer (SEMUJER), present\u00f3 ante el Congreso...\t\t\t\t\t\t\t<\/div>\n\t\t\t\t\t\t\t\t\t\t\t\t\t\t\t\t\t<\/div>\n\t\t\t\t\n\t\t\t\t        <div class=\"post-footer\">\n            <div class=\"post-footer\">\n                <div class=\"read-more\">\n\t\t\t\t\t<a data-id=\"2200\" href=\"https:\/\/semujer.gob.hn\/index.php\/2026\/04\/22\/elementor-2200\/\" class=\"tpg-post-link\" target=\"_self\">Leer m\u00e1s<\/a>                <\/div>\n            <\/div>\n        <\/div>\n\t\t\t\t\t<\/div>\n\t\t<\/div>\n\t<\/div>\n<\/div>\n            <\/div>\n\n\t\t\t<div class='rt-pagination-wrap' data-total-pages='6' data-posts-per-page='8' data-type='pagination'><div class=\"rt-pagination\"><ul class=\"pagination-list\"><li class=\"active\"><span>1<\/span><\/li><li><a data-paged='2' href='https:\/\/semujer.gob.hn\/index.php\/wp-json\/wp\/v2\/pages\/614\/page\/2\/'>2<\/a><\/li><li><a data-paged='3' href='https:\/\/semujer.gob.hn\/index.php\/wp-json\/wp\/v2\/pages\/614\/page\/3\/'>3<\/a><\/li><li><a data-paged='4' href='https:\/\/semujer.gob.hn\/index.php\/wp-json\/wp\/v2\/pages\/614\/page\/4\/'>4<\/a><\/li><li><a data-paged='5' href='https:\/\/semujer.gob.hn\/index.php\/wp-json\/wp\/v2\/pages\/614\/page\/5\/'>5<\/a><\/li><li><a data-paged='6' href='https:\/\/semujer.gob.hn\/index.php\/wp-json\/wp\/v2\/pages\/614\/page\/6\/'>6<\/a><\/li><\/ul><\/div><\/div>\n        <\/div>\n\t\t\t\t\t\t<\/div>\n\t\t\t\t<\/div>\n\t\t\t\t\t<\/div>\n\t\t\t\t<\/div>\n\t\t\t\t<\/div>\n\t\t","protected":false},"excerpt":{"rendered":"<p>Noticias Lo m\u00e1s reciente Autoridades de la SEMUJER inspeccionan casa refugio para mujeres v\u00edctimas de violencia en San Pedro Sula [&hellip;]<\/p>\n","protected":false},"author":1,"featured_media":0,"parent":0,"menu_order":0,"comment_status":"closed","ping_status":"closed","template":"","meta":{"site-sidebar-layout":"no-sidebar","site-content-layout":"","ast-site-content-layout":"full-width-container","site-content-style":"default","site-sidebar-style":"default","ast-global-header-display":"","ast-banner-title-visibility":"","ast-main-header-display":"","ast-hfb-above-header-display":"","ast-hfb-below-header-display":"","ast-hfb-mobile-header-display":"","site-post-title":"disabled","ast-breadcrumbs-content":"","ast-featured-img":"disabled","footer-sml-layout":"","theme-transparent-header-meta":"","adv-header-id-meta":"","stick-header-meta":"","header-above-stick-meta":"","header-main-stick-meta":"","header-below-stick-meta":"","astra-migrate-meta-layouts":"default","ast-page-background-enabled":"default","ast-page-background-meta":{"desktop":{"background-color":"var(--ast-global-color-5)","background-image":"","background-repeat":"repeat","background-position":"center center","background-size":"auto","background-attachment":"scroll","background-type":"","background-media":"","overlay-type":"","overlay-color":"","overlay-opacity":"","overlay-gradient":""},"tablet":{"background-color":"","background-image":"","background-repeat":"repeat","background-position":"center center","background-size":"auto","background-attachment":"scroll","background-type":"","background-media":"","overlay-type":"","overlay-color":"","overlay-opacity":"","overlay-gradient":""},"mobile":{"background-color":"","background-image":"","background-repeat":"repeat","background-position":"center center","background-size":"auto","background-attachment":"scroll","background-type":"","background-media":"","overlay-type":"","overlay-color":"","overlay-opacity":"","overlay-gradient":""}},"ast-content-background-meta":{"desktop":{"background-color":"var(--ast-global-color-4)","background-image":"","background-repeat":"repeat","background-position":"center center","background-size":"auto","background-attachment":"scroll","background-type":"","background-media":"","overlay-type":"","overlay-color":"","overlay-opacity":"","overlay-gradient":""},"tablet":{"background-color":"var(--ast-global-color-4)","background-image":"","background-repeat":"repeat","background-position":"center center","background-size":"auto","background-attachment":"scroll","background-type":"","background-media":"","overlay-type":"","overlay-color":"","overlay-opacity":"","overlay-gradient":""},"mobile":{"background-color":"var(--ast-global-color-4)","background-image":"","background-repeat":"repeat","background-position":"center center","background-size":"auto","background-attachment":"scroll","background-type":"","background-media":"","overlay-type":"","overlay-color":"","overlay-opacity":"","overlay-gradient":""}},"footnotes":""},"class_list":["post-614","page","type-page","status-publish","hentry"],"rttpg_featured_image_url":null,"rttpg_author":{"display_name":"admin","author_link":"https:\/\/semujer.gob.hn\/index.php\/author\/admin_hg714ki6\/"},"rttpg_comment":0,"rttpg_category":"","rttpg_excerpt":"Noticias Lo m\u00e1s reciente Autoridades de la SEMUJER inspeccionan casa refugio para mujeres v\u00edctimas de violencia en San Pedro Sula [&hellip;]","_links":{"self":[{"href":"https:\/\/semujer.gob.hn\/index.php\/wp-json\/wp\/v2\/pages\/614","targetHints":{"allow":["GET"]}}],"collection":[{"href":"https:\/\/semujer.gob.hn\/index.php\/wp-json\/wp\/v2\/pages"}],"about":[{"href":"https:\/\/semujer.gob.hn\/index.php\/wp-json\/wp\/v2\/types\/page"}],"author":[{"embeddable":true,"href":"https:\/\/semujer.gob.hn\/index.php\/wp-json\/wp\/v2\/users\/1"}],"replies":[{"embeddable":true,"href":"https:\/\/semujer.gob.hn\/index.php\/wp-json\/wp\/v2\/comments?post=614"}],"version-history":[{"count":31,"href":"https:\/\/semujer.gob.hn\/index.php\/wp-json\/wp\/v2\/pages\/614\/revisions"}],"predecessor-version":[{"id":1849,"href":"https:\/\/semujer.gob.hn\/index.php\/wp-json\/wp\/v2\/pages\/614\/revisions\/1849"}],"wp:attachment":[{"href":"https:\/\/semujer.gob.hn\/index.php\/wp-json\/wp\/v2\/media?parent=614"}],"curies":[{"name":"wp","href":"https:\/\/api.w.org\/{rel}","templated":true}]}}